{"id":22964,"date":"2025-01-19T22:03:52","date_gmt":"2025-01-19T21:03:52","guid":{"rendered":"https:\/\/www.ramus.je\/nejlepsi\/?page_id=22964"},"modified":"2025-10-02T11:14:59","modified_gmt":"2025-10-02T10:14:59","slug":"matej-spalenka-dodavka","status":"publish","type":"page","link":"https:\/\/www.ramus.je\/nejlepsi\/matej-spalenka-dodavka\/","title":{"rendered":"Mat\u011bj Sp\u00e1lenka | Dod\u00e1vka"},"content":{"rendered":"<div class=\"wp-block-image\">\n<figure class=\"alignright is-resized\"><img decoding=\"async\" src=\"https:\/\/www.ramus.je\/nejlepsi\/wp-content\/uploads\/2025\/01\/matej-kopie.png\" alt=\"\" class=\"wp-image-22970\" style=\"width:231px;height:auto\"\/><\/figure>\n<\/div>\n\n\n<div class=\"wp-block-group\"><div class=\"wp-block-group__inner-container is-layout-constrained wp-block-group-is-layout-constrained\">\n<p><strong>Kontakt:<br><\/strong>724 433 841<br><a href=\"mailto:matej.spalenka@ramus.je\">matej.spalenka@ramus.je<\/a><\/p>\n\n\n\n<p><strong>Co d\u011bl\u00e1m v Ramusu:<br><\/strong>Star\u00e1m se o na\u0161\u00ed milovanou dody, aby tady s n\u00e1mi byla co nejd\u00e9le <br>a u\u017eili jsme si spolu spousty \u0161\u0165astn\u00fdch kilometr\u016f. A kdy\u017e si j\u00ed chce <br>n\u011bkdo p\u016fj\u010dit, tak to \u0159e\u0161\u00ed se mnou.&nbsp;<\/p>\n\n\n\n<p><strong>Pro\u010d to d\u011bl\u00e1m:<br><\/strong>Z\u00e1libu v autech a v\u0161emo\u017enejch stroj\u00edch mam u\u017e od d\u011btstv\u00ed,<br>tud\u00ed\u017e mi d\u011bl\u00e1 radost se o dody starat. A kdy\u017e pak vid\u00edm \u00fasm\u011bvy na tv\u00e1\u0159\u00edch t\u011bch, co jsou r\u00e1di, \u017ee je dody dovezla za z\u00e1\u017eitky, je to pro m\u011b nejv\u00edc.<\/p>\n\n\n\n<p><strong>Co ned\u011bl\u00e1m v Ramusu:<br><\/strong>Probl\u00e9my.<\/p>\n\n\n\n<p><strong>Pro\u010d to ned\u011bl\u00e1m?<br><\/strong>Nechci \u017e\u00e1dn\u00fd probl\u00e9my.<\/p>\n\n\n\n<p><strong>Nejlep\u0161\u00ed z\u00e1\u017eitek s Ramusem?<br><\/strong>Tak t\u0159eba kdy\u017e jsme \u0161li r\u00e1no hus\u00e1m zp\u00edvat ukol\u00e9bavku.<\/p>\n\n\n\n<p><strong>Nejhor\u0161\u00ed z\u00e1\u017eitek s Ramusem?<\/strong><br>Kdy\u017e jsme po celodenn\u00edm putov\u00e1n\u00ed dorazili hrozn\u011b hladov\u00ed do Hlu\u010d\u00e1lu a tam jsme zjistili, \u017ee ten den zrovna neva\u0159\u00ed. Pak se to ale rychle oto\u010dilo, proto\u017ee n\u00e1m jedna moc hodn\u00e1 pan\u00ed dala plnou m\u00edsu \u0159\u00edzk\u016f a dom\u00e1c\u00ed nakl\u00e1dan\u00fd okurky. A o tomhle je Ramus!<\/p>\n\n\n\n<p><\/p>\n<\/div><\/div>\n","protected":false},"excerpt":{"rendered":"","protected":false},"author":3,"featured_media":0,"parent":0,"menu_order":0,"comment_status":"closed","ping_status":"closed","template":"","meta":{"ngg_post_thumbnail":0,"footnotes":""},"class_list":["post-22964","page","type-page","status-publish","hentry"],"_links":{"self":[{"href":"https:\/\/www.ramus.je\/nejlepsi\/wp-json\/wp\/v2\/pages\/22964","targetHints":{"allow":["GET"]}}],"collection":[{"href":"https:\/\/www.ramus.je\/nejlepsi\/wp-json\/wp\/v2\/pages"}],"about":[{"href":"https:\/\/www.ramus.je\/nejlepsi\/wp-json\/wp\/v2\/types\/page"}],"author":[{"embeddable":true,"href":"https:\/\/www.ramus.je\/nejlepsi\/wp-json\/wp\/v2\/users\/3"}],"replies":[{"embeddable":true,"href":"https:\/\/www.ramus.je\/nejlepsi\/wp-json\/wp\/v2\/comments?post=22964"}],"version-history":[{"count":2,"href":"https:\/\/www.ramus.je\/nejlepsi\/wp-json\/wp\/v2\/pages\/22964\/revisions"}],"predecessor-version":[{"id":26816,"href":"https:\/\/www.ramus.je\/nejlepsi\/wp-json\/wp\/v2\/pages\/22964\/revisions\/26816"}],"wp:attachment":[{"href":"https:\/\/www.ramus.je\/nejlepsi\/wp-json\/wp\/v2\/media?parent=22964"}],"curies":[{"name":"wp","href":"https:\/\/api.w.org\/{rel}","templated":true}]}}