{"id":1950,"date":"2022-05-13T16:52:17","date_gmt":"2022-05-13T15:52:17","guid":{"rendered":"https:\/\/www.ramus.je\/web\/?page_id=1950"},"modified":"2026-04-19T01:48:21","modified_gmt":"2026-04-19T00:48:21","slug":"vdecny","status":"publish","type":"page","link":"https:\/\/www.ramus.je\/nejlepsi\/vdecny\/","title":{"rendered":"Vd\u011b\u010dn\u00fd"},"content":{"rendered":"\n<p><strong>D\u011bkujeme sponzor\u016fm a d\u00e1rc\u016fm za finan\u010dn\u00ed \u010di jin\u00fd p\u0159\u00edsp\u011bvek na na\u0161i \u010dinnost.<\/strong><br><strong>D\u011bkujeme sp\u0159\u00edzn\u011bn\u00fdm organizac\u00edm za vz\u00e1jemnou spolupr\u00e1ci.<\/strong><\/p>\n\n\n\n<h2 class=\"wp-block-heading\">D\u00e1rci a d\u00e1rkyn\u011b 2025&nbsp;<\/h2>\n\n\n\n<p><strong>Firemn\u00ed&nbsp;<\/strong><\/p>\n\n\n\n<p>\u203a UniCredit Bank a jej\u00edch 30 zam\u011bstnanc\u016f<\/p>\n\n\n\n<p><strong>V\u00fdznamn\u00ed individu\u00e1ln\u00ed<\/strong><\/p>\n\n\n\n<p>\u203a Pavel Janou\u0161ek, Pavel Harnych, Ivo a Mark\u00e9ta Posp\u00edchalovi, Tom\u00e1\u0161 Merav\u00fd, Michal Freund, Karol\u00edna Dobi\u00e1\u0161ov\u00e1, Pavel Cyrner, Vratislav Pecka, Miroslav K\u00e1cha, Martina V\u00e1cov\u00e1, Filip Fremund<\/p>\n\n\n\n<p><strong>Individu\u00e1ln\u00ed<\/strong><\/p>\n\n\n\n<p>\u203a kte\u0159\u00ed n\u00e1m pravideln\u011b i nepravideln\u011b dopl\u0148uj\u00ed b\u011b\u017en\u00fd a sb\u00edrkov\u00fd \u00fa\u010det<br>\u203a kte\u0159\u00ed s n\u00e1mi shazuj\u00ed kilo i v\u00edc na Darujme.cz<br>\u203a kte\u0159\u00ed vydra\u017eili um\u011bleck\u00e1 d\u00edla v r\u00e1mci Aukce um\u011bn\u00ed offline i online<br><\/p>\n\n\n\n<p><strong>Nefinan\u010dn\u00ed podpora<\/strong><\/p>\n\n\n\n<p>\u203a pan P\u00edcha, kter\u00fd n\u00e1m poskytuje louku na na\u0161e letn\u00ed t\u00e1bory<br>\u203a Um\u011blci a um\u011blkyn\u011b, kte\u0159\u00ed n\u00e1m v\u011bnovali sv\u00e1 d\u00edla do benefi\u010dn\u00ed Aukce um\u011bn\u00ed<br>\u203a Dobrovolnictvo, bez kter\u00e9ho by nebyl Ramus<\/p>\n\n\n\n<hr class=\"wp-block-separator has-alpha-channel-opacity\"\/>\n\n\n\n<h2 class=\"wp-block-heading\">D\u00e1rci a d\u00e1rkyn\u011b 2024&nbsp;<\/h2>\n\n\n\n<p><strong>Firemn\u00ed&nbsp;<\/strong><\/p>\n\n\n\n<p>\u203a UniCredit Bank a jej\u00edch 24 zam\u011bstnanc\u016f<br>\u203a Bikesharing s.r.o.&nbsp;<\/p>\n\n\n\n<p><strong>V\u00fdznamn\u00ed individu\u00e1ln\u00ed<\/strong><\/p>\n\n\n\n<p>\u203a Pavel Harnych, Zuzana Knopov\u00e1, Ivo a Mark\u00e9ta Posp\u00edchalovi, Tom\u00e1\u0161 Merav\u00fd, Pavel Cyrner, Marie a Jan Klime\u0161ovi, Kate\u0159ina \u0160varcov\u00e1, V\u00e1clav Dobi\u00e1\u0161, Jana Strakov\u00e1, Vratislav Pecka, Miroslav K\u00e1cha, Martina V\u00e1cov\u00e1, Zuzana Bognerov\u00e1, Michal Kavalcik<\/p>\n\n\n\n<p><strong>Individu\u00e1ln\u00ed<\/strong><\/p>\n\n\n\n<p>\u203a co n\u00e1m pravideln\u011b i nepravideln\u011b dopl\u0148uj\u00ed b\u011b\u017en\u00fd a sb\u00edrkov\u00fd \u00fa\u010det<br>\u203a co s n\u00e1mi shazuj\u00ed kilo i v\u00edc na Darujme.cz<br>\u203a co vydra\u017eili um\u011bleck\u00e1 d\u00edla v r\u00e1mci Tich\u00e9 aukce um\u011bn\u00ed offline i online<br>\u203a co p\u0159isp\u011bli do sb\u00edrkov\u00e9 kasi\u010dky<\/p>\n\n\n\n<p><strong>Nefinan\u010dn\u00ed podpora<\/strong><\/p>\n\n\n\n<p>\u203a Marie Sovina \/ n\u00e1m v\u00fdznamn\u011b pom\u00e1h\u00e1 s \u00fa\u010detnictv\u00edm<br>\u203a Ateli\u00e9r ZTI \/ s n\u00e1mi sd\u00edl\u00ed spole\u010dn\u00e9 prostory<br>\u203a pan P\u00edcha \/ n\u00e1m poskytuje louku na na\u0161e letn\u00ed t\u00e1bory<br>\u203a Um\u011blci a um\u011blkyn\u011b \/ n\u00e1m v\u011bnovali sv\u00e1 d\u00edla do benefi\u010dn\u00ed Tich\u00e9 aukce<br>\u203a Dobrovolnictvo \/ bez nich by nebyl Ramus<\/p>\n\n\n\n<hr class=\"wp-block-separator has-alpha-channel-opacity\"\/>\n\n\n\n<h2 class=\"wp-block-heading\">Sponzo\u0159i a d\u00e1rci 2023<\/h2>\n\n\n\n<p><strong>Firmy a organizace<\/strong><\/p>\n\n\n\n<p>\u203a UniCredit Bank a jej\u00edch 27 zam\u011bstnanc\u016f&nbsp;<br>\u203a AV\u00cdZO s.r.o.<\/p>\n\n\n\n<p><\/p>\n\n\n\n<p><strong>V\u00fdznamn\u00ed individu\u00e1ln\u00ed p\u0159isp\u011bvatel\u00e9<\/strong><\/p>\n\n\n\n<p>\u203a Filip Fremund, Ivo a Mark\u00e9ta Posp\u00edchalovi, Tom\u00e1\u0161 Merav\u00fd, Pavel Cyrner, Jan Brabec<br>\u203a Jana Strakov\u00e1, Vratislav Pecka, Miroslav K\u00e1cha, Martina V\u00e1cov\u00e1, Ond\u0159ej Toms, Radek Bil\u00edk<\/p>\n\n\n\n<p><\/p>\n\n\n\n<p><strong>Individu\u00e1ln\u00ed p\u0159isp\u011bvatel\u00e9<\/strong><br><\/p>\n\n\n\n<p>\u203a kte\u0159\u00ed n\u00e1m pravideln\u011b i nepravideln\u011b dopl\u0148uj\u00ed b\u011b\u017en\u00fd a sb\u00edrkov\u00fd \u00fa\u010det<br>\u203a co s n\u00e1mi shazuj\u00ed kilo i v\u00edc na Darujme.cz<br>\u203a kte\u0159\u00ed vydra\u017eili um\u011bleck\u00e1 d\u00edla v r\u00e1mci Tich\u00e9 aukce um\u011bn\u00ed offline i online<br>\u203a co p\u0159isp\u011bli do sb\u00edrkov\u00e9 kasi\u010dky<\/p>\n\n\n\n<p><\/p>\n\n\n\n<p><strong>Nefinan\u010dn\u00ed podpora<\/strong><\/p>\n\n\n\n<p>\u203a Marie Sovina \/ n\u00e1m v\u00fdznamn\u011b pom\u00e1h\u00e1 s \u00fa\u010detnictv\u00edm<br>\u203a Ateli\u00e9r ZTI \/ s n\u00e1mi sd\u00edl\u00ed spole\u010dn\u00e9 prostory<br>\u203a pan P\u00edcha \/ n\u00e1m poskytuje louku na na\u0161e letn\u00ed t\u00e1bory<br>\u203a Um\u011blci \/ kte\u0159\u00ed n\u00e1m v\u011bnovali sv\u00e1 d\u00edla do benefi\u010dn\u00ed Tich\u00e9 aukce&nbsp;<br>\u203a Dobrovoln\u00edci \/ bez nich by nebyl Ramus<\/p>\n\n\n\n<hr class=\"wp-block-separator has-alpha-channel-opacity\"\/>\n\n\n\n<h2 class=\"wp-block-heading\">Sponzo\u0159i a d\u00e1rci 2022<\/h2>\n\n\n\n<p><strong>Firmy a organizace<\/strong><br><br>\u203a UniCredit Bank a jej\u00ed zam\u011bstnanci \/ finan\u010dn\u00ed dar<br>\u203a E.vox \/ n\u00e1m dlouhodob\u011b plat\u00ed dom\u00e9nu a hosting<br>\u203a \u010ceskobratrsk\u00e1 c\u00edrkev \/ finan\u010dn\u00ed dar<\/p>\n\n\n\n<p><strong><br>V\u00fdznamn\u00ed individu\u00e1ln\u00ed p\u0159isp\u011bvatel\u00e9<\/strong><br><br>\u203a Ivo a Mark\u00e9ta Posp\u00edchalovi, Tom\u00e1\u0161 Merav\u00fd, Pavel Cyrner, Miroslav K\u00e1cha<br>\u203a Vratislav Pecka, Tereza Pi\u0161\u0165\u00e1kov\u00e1 a Martina V\u00e1cov\u00e1<\/p>\n\n\n\n<p><strong><br>Individu\u00e1ln\u00ed p\u0159isp\u011bvatel\u00e9<\/strong><br><br>\u203a kte\u0159\u00ed n\u00e1m pravideln\u011b i nepravideln\u011b dopl\u0148uj\u00ed b\u011b\u017en\u00fd a sb\u00edrkov\u00fd \u00fa\u010det<br>\u203a co s n\u00e1mi shazuj\u00ed kilo i v\u00edc nebo se zapojili do D\u00e1rcovsk\u00e9 v\u00fdzvy na Darujme.cz<br>\u203a kte\u0159\u00ed vydra\u017eili fotografie v r\u00e1mci Tich\u00e9 aukce fotek offline i online<br>\u203a co p\u0159isp\u011bli do sb\u00edrkov\u00e9 kasi\u010dky<\/p>\n\n\n\n<p><strong><br>Nefinan\u010dn\u00ed podpora<\/strong><br><br>\u203a Marie Sovina \/ n\u00e1m v\u00fdznamn\u011b pom\u00e1h\u00e1 s \u00fa\u010detnictv\u00edm<br>\u203a Ateli\u00e9r ZTI \/ s n\u00e1mi sd\u00edl\u00ed spole\u010dn\u00e9 prostory<br>\u203a Studio STKI s.r.o. \/ n\u00e1m vytiskl fotografie pro online Tichou aukci<br>\u203a pan P\u00edcha \/ n\u00e1m poskytuje louku na na\u0161e letn\u00ed t\u00e1bory<br>\u203a Fotografov\u00e9 \/ kte\u0159\u00ed n\u00e1m v\u011bnovali fotografie do Tich\u00e9 aukce&nbsp;<br>\u203a Dobrovoln\u00edci \/ bez nich by nebyl Ramus<\/p>\n\n\n\n<hr class=\"wp-block-separator has-css-opacity\"\/>\n\n\n\n<h2 class=\"wp-block-heading\">Sponzo\u0159i a d\u00e1rci 2021<\/h2>\n\n\n\n<p><strong>Firmy a organizace<\/strong><\/p>\n\n\n\n<p>\u203a UniCredit Bank a jej\u00edch 43 zam\u011bstnanc\u016f \/ finan\u010dn\u00ed dar<br>\u203a FS C\u010cE Doma\u017elice \/ podpo\u0159il Ramus z v\u00fdt\u011b\u017eku posledn\u00edho charitativn\u00edho bazaru<br>\u203a E.vox \/ n\u00e1m dlouhodob\u011b plat\u00ed dom\u00e9nu a hosting<br>\u203a \u010ceskobratrsk\u00e1 c\u00edrkev \/ finan\u010dn\u00ed dar<br><\/p>\n\n\n\n<p><strong>V\u00fdznamn\u00ed individu\u00e1ln\u00ed p\u0159isp\u011bvatel\u00e9<\/strong><\/p>\n\n\n\n<p>\u203a Jan Kl\u00e1til, Filip Fremund, Pavel Cyrner, Vratislav Pecka, Ivo a Mark\u00e9ta Posp\u00edchalovi<br>\u203a Ji\u0159\u00ed Vysko\u010dil, Tereza Pi\u0161\u0165\u00e1kov\u00e1, Jind\u0159ich Traugott, Jana Strakov\u00e1 a Miroslav K\u00e1cha<br><\/p>\n\n\n\n<p><strong>Individu\u00e1ln\u00ed p\u0159isp\u011bvatel\u00e9<\/strong><\/p>\n\n\n\n<p>\u203a kte\u0159\u00ed n\u00e1m pravideln\u011b i nepravideln\u011b dopl\u0148uj\u00ed b\u011b\u017en\u00fd a sb\u00edrkov\u00fd \u00fa\u010det<br>\u203a co s n\u00e1mi shazuj\u00ed kilo i v\u00edc nebo se zapojili do D\u00e1rcovsk\u00e9 v\u00fdzvy na Darujme.cz<br>\u203a kte\u0159\u00ed vydra\u017eili fotografie v r\u00e1mci Tich\u00e9 aukce fotek offline i online<br>\u203a co p\u0159isp\u011bli do sb\u00edrkov\u00e9 kasi\u010dky<br><\/p>\n\n\n\n<p><strong>Nefinan\u010dn\u00ed podpora<\/strong><\/p>\n\n\n\n<p>\u203a Marie Sovina \/ n\u00e1m v\u00fdznamn\u011b pom\u00e1h\u00e1 s \u00fa\u010detnictv\u00edm<br>\u203a Ateli\u00e9r ZTI \/ s n\u00e1mi sd\u00edl\u00ed spole\u010dn\u00e9 prostory<br>\u203a Studio STKI s.r.o. \/ n\u00e1m vytiskl fotografie pro online Tichou aukci<br>\u203a pan P\u00edcha \/ n\u00e1m poskytuje louku na na\u0161e letn\u00ed t\u00e1bory<br>\u203a Fotografov\u00e9 \/ kte\u0159\u00ed n\u00e1m v\u011bnovali fotografie do Tich\u00e9 aukce&nbsp;<br>\u203a Dobrovoln\u00edci \/ bez nich by nebyl Ramus<\/p>\n\n\n\n<hr class=\"wp-block-separator has-css-opacity\"\/>\n\n\n\n<h2 class=\"wp-block-heading\">Sponzo\u0159i a d\u00e1rci 2020<\/h2>\n\n\n\n<p><strong>Firmy a organizace<\/strong><\/p>\n\n\n\n<p>\u203a UniCredit Bank a 34 zam\u011bstnanc\u016f \/ finan\u010dn\u00ed dar<br>\u203a E.vox \/ n\u00e1m dlouhodob\u011b plat\u00ed dom\u00e9nu a hosting<br>\u203a \u010ceskobratrsk\u00e1 c\u00edrkev \/ finan\u010dn\u00ed dar<\/p>\n\n\n\n<p><strong>V\u00fdznamn\u00ed individu\u00e1ln\u00ed p\u0159isp\u011bvatel\u00e9<\/strong><\/p>\n\n\n\n<p>Pavel Cyrner, Miroslav K\u00e1cha, Martin Pi\u0161\u0165\u00e1k, Filip Fremund<\/p>\n\n\n\n<p><strong>Individu\u00e1ln\u00ed p\u0159isp\u011bvatel\u00e9<\/strong><\/p>\n\n\n\n<p>Jana Ke\u0159kovsk\u00e1, Jan Vinkler, Petr Aunick\u00fd, Vratislav Pecka, Tereza \u0160turmov\u00e1, Andrea Forejtov\u00e1, Ivana Svobodov\u00e1, Franti\u0161ek Pe\u0161ek, Jakub Hal\u00e1\u010dek, V\u011bra Esterkov\u00e1, Michal Hus\u0165\u00e1k, Dana Kucha\u0159ov\u00e1, Va\u0161ek Hubert, Vojt\u011bch Ontl, Monika Elfmarkov\u00e1, \u0160\u00e1rka Pale\u010dkov\u00e1, Jarmil Brambor, Tom\u00e1\u0161 Merav\u00fd, Anna Dvo\u0159\u00e1kov\u00e1, Ivo a Mark\u00e9ta Posp\u00edchalovi, Lucie Shomaliov\u00e1, Helena Kostohryzov\u00e1, Lud\u011bk \u0160ulc, Anna Labikov\u00e1, Tom\u00e1\u0161 Luczk\u00f3w, Jana Lopuchovsk\u00e1, Tereza \u0160turmov\u00e1, Zuzana Bognerov\u00e1, Jind\u0159ich Traugott, Gabriela \u010cemanov\u00e1, Pavla Kloko\u010dn\u00edkov\u00e1, Ond\u0159ej Sitka, Mat\u011bj Satransk\u00fd, Hynek Walner, Pavla Stopkov\u00e1, Anna Bou\u010dkov\u00e1 (a studenti NYU Prague), Majda Br\u00e1tov\u00e1, Pavl\u00edna Krou\u017ekov\u00e1, Marek P\u0159ibyl<\/p>\n\n\n\n<p>\u203a a v\u0161em, kte\u0159\u00ed n\u00e1m p\u0159isp\u011bli do sb\u00edrkov\u00e9 kasi\u010dky nebo dra\u017eili fotografie v r\u00e1mci online Tich\u00e9 aukce fotek<\/p>\n\n\n\n<p><strong>Nefinan\u010dn\u00ed podpora<\/strong><\/p>\n\n\n\n<p>\u203a Marie Sovina \/ n\u00e1m v\u00fdznamn\u011b pom\u00e1h\u00e1 s \u00fa\u010detnictv\u00edm<br>\u203a Ateli\u00e9r ZTI \/ s n\u00e1mi sd\u00edl\u00ed spole\u010dn\u00e9 prostory<br>\u203a Studio STKI s.r.o. \/ tisk fotografi\u00ed pro online Tichou aukci<br>\u203a pan P\u00edcha \/ n\u00e1m poskytuje louku na na\u0161e letn\u00ed t\u00e1bory<br>\u203a Vratislav Podrou\u017eek a bar Z\u00e1zem\u00ed \/ hostil nejednu aktivitu<br>\u203a Mal\u00fd Eden \/ kav\u00e1rna, kterou zalo\u017eil n\u00e1\u0161 kamar\u00e1d a kde se odehr\u00e1vala ji\u017e \u0159ada na\u0161ich aktivit<br>\u203a Fotografov\u00e9, kte\u0159\u00ed n\u00e1m v\u011bnovali fotografie do Tich\u00e9 aukce&nbsp;<br>\u203a Dobrovoln\u00edci \/ bez nich by nebyl Ramus<\/p>\n\n\n\n<hr class=\"wp-block-separator has-css-opacity\"\/>\n\n\n\n<h2 class=\"wp-block-heading\">Sponzo\u0159i a d\u00e1rci 2019<\/h2>\n\n\n\n<p><strong>Firmy a organizace<\/strong><br>\u203a FS C\u010cE Doma\u017elice \/ tradi\u010dn\u011b podpo\u0159il Ramus z v\u00fdt\u011b\u017eku charitativn\u00edho bazaru<br>\u203a V-SPIN, s.r.o. \/ hlavn\u00ed donor benefi\u010dn\u00edho b\u011bhu Ramaton<br>\u203a Fakulta mezin\u00e1rodn\u00edch vztah\u016f V\u0160E \/ pravideln\u00fd sponzor Ramatonu<br>\u203a G + s.r.o. \/ pravideln\u00fd sponzor Ramatonu<br>\u203a V\u0160CHT v Praze \/ finan\u010dn\u00ed dar<br>\u203a Hydrotechnik Praha spol s.r.o. \/ finan\u010dn\u00ed dar<br>\u203a&nbsp;<a href=\"https:\/\/evox.space\/\">e.vox \/<\/a>&nbsp;n\u00e1m dlouhodob\u011b plat\u00ed dom\u00e9nu a hosting<br>\u203a Shameless \/ finan\u010dn\u00ed dar<br>\u203a \u010ceskobratrsk\u00e1 c\u00edrkev \/ finan\u010dn\u00ed dar<br>\u203a sb\u00edrka zam\u011bstnanc\u016f UniCredit Bank pod veden\u00edm Lenky Markvartov\u00e9 \/ finan\u010dn\u00ed dar<br><br><strong>V\u00fdznamn\u00ed individu\u00e1ln\u00ed p\u0159isp\u011bvatel\u00e9<\/strong><br>Jana Strakov\u00e1, Radka Turkov\u00e1, Anna V\u00e1cov\u00e1<br><br><strong>Individu\u00e1ln\u00ed p\u0159isp\u011bvatel\u00e9<\/strong><br>Jana Lopuchovsk\u00e1, Anna Labikov\u00e1, Jana Gol\u00e1\u0148ov\u00e1, Helena Kostohryzov\u00e1, Ivo a Mark\u00e9ta Posp\u00edchalovi, Tade\u00e1\u0161 Pol\u00e1k, Anna Dvo\u0159\u00e1kov\u00e1, Kry\u0161tof K\u0159\u00ed\u017e, Jarmil Brambor, Tom\u00e1\u0161 Merav\u00fd, \u0160\u00e1rka Pale\u010dkov\u00e1, Monika Elfmarkov\u00e1,<br>Lud\u011bk \u0160ulc, Radek Pinkava, Iva Moravcov\u00e1, \u0160t\u011bp\u00e1n Lohr, Jarom\u00edra a Zden\u011bk Anto\u0161ovi, Gabriela a Petr Anto\u0161ovi, Luk\u00e1\u0161 Kubinec, Ji\u0159\u00ed Focke, Roman Krop\u00e1\u010d, Lucie a Alice \u0158e\u017en\u00ed\u010dkov\u00e1, Krist\u00fdna Lojkov\u00e1 Pato\u010dkov\u00e1,<br>Jan Oliva, Jan Krofta, Mark\u00e9ta Papou\u0161kov\u00e1, Martin Adamus, Josef \u0160rejma, Petra Jel\u00ednkov\u00e1, Blanka Francov\u00e1, Vojt\u011bch Ontl, Tom\u00e1s Luczk\u00f3w, Lenka Marvartov\u00e1, Marin \u010cervenka, Tom\u00e1\u0161 Zach, Martin Pi\u0161\u0165\u00e1k, Tereza \u0160turmov\u00e1,<br>Lucie Shomaliov\u00e1, Kate\u0159ina Fi\u0161erov\u00e1, Sabina \u0160trumov\u00e1, Michal Hor\u00e1\u010dek, Ad\u00e9la K\u00e1ndlov\u00e1, Sabina Pa\u0159\u00edzkov\u00e1, Marek \u010can\u011bk, Lucka, Ondra a Augustin Mich\u00e1lkovi, Dana Kucha\u0159ov\u00e1, Vratislav Pecka, Franti\u0161ek Pe\u0161ek,<br>V\u011bra Esterkov\u00e1, Andrea Forejtov\u00e1, Jakub Hal\u00e1\u010dek, Tereza \u0160turmov\u00e1, Ivana Svobodov\u00e1,Zuzana Bognerov\u00e1, Magdalena Janic, Pavla Kloko\u010dn\u00edkov\u00e1, Jaroslav Shejbal a zam\u011bstnanci \u010cEPS Investu z odd\u011blen\u00ed Projektov\u00e1n\u00ed veden\u00ed<br><br>\u203a v\u0161em, kte\u0159\u00ed n\u00e1m p\u0159isp\u011bli do sb\u00edrkov\u00e9 kasi\u010dky, b\u011b\u017eeli Ramaton a dra\u017eili fotografie v r\u00e1mci Tich\u00e9 aukce fotek<br><br><strong>Nefinan\u010dn\u00ed podpora<\/strong><\/p>\n\n\n\n<p>\u203a Marie Sovina \/ n\u00e1m v\u00fdznamn\u011b pom\u00e1h\u00e1 s \u00fa\u010detnictv\u00edm<\/p>\n\n\n\n<p>\u203a Ateli\u00e9r ZTI \/ s n\u00e1mi sd\u00edl\u00ed spole\u010dn\u00e9 prostory<\/p>\n\n\n\n<p>\u203a Studio STKI s.r.o. \/ tisk fotografi\u00ed<\/p>\n\n\n\n<p>\u203a pan P\u00edcha \/ poskytl louku na na\u0161e letn\u00ed t\u00e1bory<\/p>\n\n\n\n<p>\u203a Krist\u00fdna Lojkov\u00e1 \/ op\u011bt pomohla s benefi\u010dn\u00edm b\u011bhem Ramaton<\/p>\n\n\n\n<p>\u203a Zem\u011b lid\u00ed o.p.s. \/ p\u016fj\u010duj\u00ed n\u00e1m monoski na zimn\u00ed radov\u00e1nky<\/p>\n\n\n\n<p>\u203a Lubo\u0161 V\u00e1\u0148a \/ fotografie z Ramatonu<\/p>\n\n\n\n<p>\u203a Vratislav Podrou\u017eek a bar Z\u00e1zem\u00ed \/ hostil nejednu aktivitu<\/p>\n\n\n\n<p>\u203a Martin Rak, Jan Krofta, Jan Pavel, Ji\u0159\u00ed Hovorka, Tom\u00e1\u0161 Merav\u00fd, Kate\u0159ina Krop\u00e1\u010dov\u00e1, Majda Pol\u00e1kov\u00e1, \u0160t\u011bp\u00e1n Lohr, Ji\u0159\u00ed Vysko\u010dil \/ fotografie na tich\u00e9 aukci<\/p>\n\n\n\n<p>\u203a Kapit\u00e1ni pr\u016fmyslu, Kohout\u00ed stopa, DJ IA &amp; Selektor Czenda, Acoustic Radiance, Bullerbyn, Moira a Larisa, DJ Lango\u0161, Martin \u017d\u00e1rsk\u00fd, Severn\u00ed n\u00e1stupi\u0161t\u011b, Gondor flames, \u017d\u00ed\u017ealy \/ kapely, kter\u00e9 hr\u00e1ly na na\u0161ich benefi\u010dn\u00edch akc\u00edch, D\u00cdKY!<\/p>\n\n\n\n<p>\u203a Mal\u00fd Eden \/ kav\u00e1rna, kterou zalo\u017eil n\u00e1\u0161 kamar\u00e1d a kde se odehr\u00e1vala ji\u017e \u0159ada na\u0161ich aktivit<\/p>\n\n\n\n<p>\u203a Petr Kudl\u00e1\u010dek \/ d\u011blal n\u00e1m plak\u00e1t na Ramaton<\/p>\n\n\n\n<p>\u203a Hynek Reich \u0160t\u011btka \/ vyrobil pozv\u00e1nku na oslavu 10 let na\u0161\u00ed existence&nbsp;<\/p>\n\n\n\n<p>\u203a Andrea Hrochov\u00e1 s partnerem \/ v\u00e1no\u010dn\u00ed d\u00e1rek v podob\u011b no\u017e\u016f do kuchyn\u011b<\/p>\n\n\n\n<p>\u203a Dobrovoln\u00edci \/ bez nich by nebyl Ramus<\/p>\n\n\n\n<hr class=\"wp-block-separator has-css-opacity\"\/>\n\n\n\n<h2 class=\"wp-block-heading\">Sponzo\u0159i a d\u00e1rci 2018<\/h2>\n\n\n\n<p><strong>Firmy a organizace<\/strong><br>\u2192 FS C\u010cE Doma\u017elice tradi\u010dn\u011b podpo\u0159il Ramus z v\u00fdt\u011b\u017eku charitativn\u00edho bazaru<br>\u2192<a href=\"https:\/\/fmv.vse.cz\/\">&nbsp;Fakulta mezin\u00e1rodn\u00edch vztah\u016f V\u0160E<\/a>&nbsp;\/ pomohla s benefi\u010dn\u00edm b\u011bhem Ramaton<br>\u2192&nbsp;<a href=\"https:\/\/evox.space\/\">e.vox&nbsp;<\/a>\/ n\u00e1m plat\u00ed dom\u00e9nu a hosting<br>\u2192 G + s.r.o. \/ finan\u010dn\u00ed dar<br>\u2192 Shameless \/ finan\u010dn\u00ed dar<br>\u2192 Charity Gums \/ finan\u010dn\u00ed dar<br>\u2192 Equa bank \/ finan\u010dn\u00ed dar<br>\u2192 Ta Cesta, z.s. \/ finan\u010dn\u00ed dar<br>\u2192 zdvojen\u00ed daru zam\u011bstnanc\u016f UniCredit Bank v programu UniCredit Foundation<\/p>\n\n\n\n<p><strong>V\u00fdznamn\u00ed individu\u00e1ln\u00ed p\u0159isp\u011bvatel\u00e9<\/strong><br>Jana Strakov\u00e1, Martin Vos\u00e1hlo, Radka Turkov\u00e1<\/p>\n\n\n\n<p><strong>Individu\u00e1ln\u00ed p\u0159isp\u011bvatel\u00e9<\/strong><br>Dana Kucha\u0159ov\u00e1, Vratislav Pecka, Franti\u0161ek Pe\u0161ek, V\u011bra Esterkov\u00e1, Andrea Forejtov\u00e1, Jakub Hal\u00e1\u010dek, Petra Skoupilov\u00e1, Daniel Sv\u011btl\u00edk, Ivana Svobodov\u00e1, Kate\u0159ina Trlifajov\u00e1, Pavla Klokon\u010d\u00edkov\u00e1, Sofie Kor\u010dykov\u00e1, Michaela Pato\u010dkov\u00e1, Vojt\u011bch Rada, Marie H\u00f6ferov\u00e1, Marie Markvartov\u00e1, Lud\u011bk \u0160ulc, Monika Elfmarkov\u00e1, \u0160\u00e1rka Pale\u010dkov\u00e1, Tom\u00e1\u0161 Merav\u00fd, Jarmil Brambor, Mirka Sedl\u00e1\u010dkov\u00e1, Tade\u00e1\u0161 Pol\u00e1k, Zuzana Bognerov\u00e1, Nikola Syrov\u00e1tkov\u00e1, Anna Dvo\u0159\u00e1kov\u00e1, Mark\u00e9ta a Ivo Posp\u00edchalovi, Helena Kostohryzov\u00e1, Anna Labikov\u00e1, Jana Lopuchovsk\u00e1, Hana Podrou\u017ekov\u00e1, Martin Pi\u0161\u0165\u00e1k, Michaela Jebauck\u00e1, B\u00e1ra Matysov\u00e1, Matou\u0161 Glanc, Petra Jel\u00ednkov\u00e1, Magdal\u00e9na Tusinov\u00e1, Miroslav K\u00e1cha, Vojt\u011bch \u0160\u00e1lek<\/p>\n\n\n\n<p><strong>Nefinan\u010dn\u00ed podpora<\/strong><br>\u2192 Marie Sovina \/ n\u00e1m v\u00fdznamn\u011b pom\u00e1h\u00e1 s \u00fa\u010detnictv\u00edm<br>\u2192 Ateli\u00e9r ZTI \/ s n\u00e1mi sd\u00edl\u00ed spole\u010dn\u00e9 prostory<br>\u2192 Fotograf Gallery \/ poskytnut\u00ed prostor pro tichou aukci fotografi\u00ed<br>\u2192 Studio STKI s.r.o. \/ tisk fotografi\u00ed<br>\u2192 pan P\u00edcha \/ poskytl louku na na\u0161e letn\u00ed t\u00e1bory<br>\u2192 Krist\u00fdna Lojkov\u00e1 a Karel Machatka \/ op\u011bt pomohli s benefi\u010dn\u00edm b\u011bhem Ramaton<br>\u2192 Vratislav Podrou\u017eek a bar Z\u00e1zem\u00ed \/ hostil nejednu aktivitu<br>\u2192 Petr Hricko, Jan Krofta, Jan Pavel, Ji\u0159\u00ed Hovorka, B\u00e1ra Matysov\u00e1, Tom\u00e1\u0161 Merav\u00fd, Kate\u0159ina Krop\u00e1\u010dov\u00e1, Zuzka \u0158\u00ed\u0161sk\u00e1 a Petra Mikol\u00e1\u0161ov\u00e1 \/ fotografie na tich\u00e9 aukci<br>\u2192 Kopec \u0160i\u0161ek, Puss&#8216; O&#8217;Liquor, Moira a Larissa, Jakub Sey\u010dek, Kohout\u00ed Stopa, Elza, Edosh a Johnny N\u00e1siln\u00edk \/ kapely, kter\u00e9 hr\u00e1ly na na\u0161ich benefi\u010dn\u00edch akc\u00edch, D\u00cdKY!<br>\u2192 Graffneck \/ spraye na Graffiti HUMR na T\u011b\u0161nov\u011b<br>\u2192 \u010cern\u00ed Kon\u011b, z.s. \/ zdarma zap\u016fj\u010dili handbike na v\u00edkendovku<br>\u2192&nbsp;<a href=\"http:\/\/cesta-ven.cz\/cs\/maly-eden\/\">Mal\u00fd Eden<\/a>&nbsp;\/ kav\u00e1rna, kterou zalo\u017eil n\u00e1\u0161 kamar\u00e1d a kde se odehr\u00e1vala ji\u017e \u0159ada na\u0161ich aktivit<\/p>\n\n\n\n<hr class=\"wp-block-separator has-css-opacity\"\/>\n\n\n\n<h2 class=\"wp-block-heading\">Sponzo\u0159i a d\u00e1rci 2017<\/h2>\n\n\n\n<p><strong>Firmy \/ finan\u010dn\u00ed podpora<br><\/strong>\u2192&nbsp;FS C\u010cE Doma\u017elice tradi\u010dn\u011b podpo\u0159il Ramus z v\u00fdt\u011b\u017eku charitativn\u00edho bazaru<br>\u2192&nbsp;<a href=\"http:\/\/tradesam.cz\/\">TradeSAM a.s.<\/a>&nbsp;\/ finan\u010dn\u00ed dar<br>\u2192&nbsp;<a href=\"http:\/\/www.balooagency.cz\/\">Baloo Agency s.r.o.<\/a>&nbsp;\/ finan\u010dn\u00ed dar<br>\u2192&nbsp;<a href=\"http:\/\/www.gesp.cz\/\">GeSP s.r.o.<\/a>&nbsp;\/ finan\u010dn\u00ed dar<br>\u2192 G + s.r.o. \/ finan\u010dn\u00ed dar<br>\u2192&nbsp;<a href=\"https:\/\/www.evox.cz\/\">e.vox&nbsp;<\/a>&nbsp;\/ n\u00e1m plat\u00ed dom\u00e9nu a hosting<br>\u2192&nbsp;<a href=\"http:\/\/fmv.vse.cz\/\">Fakulta mezin\u00e1rodn\u00edch vztah\u016f V\u0160E<\/a>\/ pomohla s benefi\u010dn\u00edm b\u011bhem Ramaton<br>\u2192 Petr Jansa \/ sponzorov\u00e1n\u00ed dod\u00e1vek d\u0159eva do na\u0161\u00ed d\u00edlny<br>\u2192 pravideln\u00e1 \u00fa\u010dastnice na\u0161ich akc\u00ed Lenka Markvartov\u00e1 a dal\u0161\u00ed zam\u011bstnanci UniCredit Bank, kte\u0159\u00ed ji\u017e&nbsp;druh\u00fdm rokem uspo\u0159\u00e1dali zam\u011bstnaneckou sb\u00edrku zdvojn\u00e1sobenou zam\u011bstnavatelem<\/p>\n\n\n\n<p><strong>Pravideln\u00ed p\u0159\u00edsp\u011bvatel\u00e9<br><\/strong>Jakub Hal\u00e1\u010dek, Andrea Forejtov\u00e1, Franti\u0161ek Pe\u0161ek, Dana Kucha\u0159ov\u00e1, Vratislav Pecka, V\u011bra Esterkov\u00e1,&nbsp;Ivana Svobodov\u00e1, Posp\u00edchalovi, Jarmil Brambor, Magdal\u00e9na Trusinov\u00e1, Lud\u011bk \u0160ulc, Monika&nbsp;Elfmarkov\u00e1, \u0160\u00e1rka Pale\u010dkov\u00e1, Matou\u0161 Glanc, Jana Rej\u017ekov\u00e1, Helena Kostohryzov\u00e1, Jana Lopuchovsk\u00e1,&nbsp;Monika Houdov\u00e1, Tade\u00e1\u0161 Pol\u00e1k, Martin Pi\u0161\u0165\u00e1k, Barbora Matysov\u00e1, Kate\u0159ina Pavlov\u00e1, Vojt\u011bch Ontl,&nbsp;Tereza Ehrenbergerov\u00e1, Jan Bierhanzl, Mat\u011bj Jungwirth, Kate\u0159ina \u0160afa\u0159\u00edkov\u00e1, Barbora Bok\u0161teflov\u00e1,&nbsp;Kate\u0159ina Pavlov\u00e1, Karina Fra\u0148kov\u00e1, Marianna Slov\u00e1kov\u00e1<strong><br><\/strong><br><strong>Jednor\u00e1zov\u00e9 p\u0159\u00edsp\u011bvky&nbsp;<\/strong><br>\u2192 \u00fa\u010dastn\u00edci v\u00e1no\u010dn\u00ed bytov\u00e9 bes\u00eddky ve Slezsk\u00e9<br>\u2192 v\u0161ichni, kdo nav\u0161t\u00edvili na\u0161e benefi\u010dn\u00ed akce!<br>\u2192 Pavel Mare\u0161, Tom\u00e1\u0161 Metli\u010dka, pan Noha, Jitka Muckov\u00e1, Pavel Rudi\u0161, Jan Marek, Zuzana Bognerov\u00e1,&nbsp;Kristina Marie Kubec, Eduard Kotmel, Miloslav \u0160vihla, Radana Div\u00ed\u0161kov\u00e1, Eva \u0160\u00e1chov\u00e1<strong><br><br>Nefinan\u010dn\u00ed podpora<br><\/strong>\u2192&nbsp;<a href=\"http:\/\/atelier-zti.cz\/\">Ateli\u00e9r ZTI&nbsp;<\/a>\/ s n\u00e1mi sd\u00edl\u00ed spole\u010dn\u00e9 prostory<br>\u2192&nbsp;<a href=\"http:\/\/fotografgallery.cz\/\">Fotograf Gallery<\/a>&nbsp;\/ poskytnut\u00ed prostor pro tichou aukci fotografi\u00ed<br>\u2192&nbsp;<a href=\"http:\/\/stki.cz\/\">Studio STKI s.r.o.&nbsp;<\/a>\/ tisk fotografi\u00ed<br>\u2192 pan P\u00edcha \/ poskytl louku na na\u0161e letn\u00ed t\u00e1bory<br>\u2192 Krist\u00fdna Lojkov\u00e1 a Karel Machatka \/ op\u011bt pomohli s benefi\u010dn\u00edm b\u011bhem Ramaton<br>\u2192 Vratislav Podrou\u017eek a&nbsp;<a href=\"https:\/\/cs-cz.facebook.com\/klubovnaZAZEMI\/\">bar Z\u00e1zem\u00ed<\/a>&nbsp;\/ hostil nejednu aktivitu<br>\u2192&nbsp;<a href=\"http:\/\/klinika.451.cz\/\">Klinika<\/a>&nbsp;\/ poskytnut\u00ed prostor na n\u011bkolik na\u0161ich akc\u00ed<br>\u2192 Jan Krofta, Ji\u0159\u00ed Hovorka, Jan Kyncl a Jan Pavel \/ fotografie na tich\u00e9 aukci<br>\u2192 Kamil Kraus a Jana Szarvasov\u00e1 \/ lekto\u0159i tan\u010d\u00edc\u00edho HUMRu<br>\u2192 C\u010cE Nusle \/ prostory pro prodlou\u017eenou HUMR tan\u010d\u00ed<br>\u2192 Tygroo, Bullerbyn, Koza na \u00fatesu, Lada je sama, Jakub Sey\u010dek,&nbsp;&nbsp;Lipless Lincoln and the Sinners, Simit tadinda susamli \/ kapely, kter\u00e9 hr\u00e1ly na na\u0161ich benefi\u010dn\u00edch akc\u00edch, D\u00cdKY!<\/p>\n\n\n\n<hr class=\"wp-block-separator has-css-opacity\"\/>\n\n\n\n<h2 class=\"wp-block-heading\">Sponzo\u0159i a d\u00e1rci 2016<\/h2>\n\n\n\n<p><a href=\"http:\/\/charitygums.cz\/\">CharityGums<\/a>&nbsp;prod\u00e1vaj\u00ed skv\u011bl\u00fd \u017evejky: z prodeje je ka\u017edoro\u010dn\u011b podporov\u00e1no n\u011bkolik projekt\u016f. Jedn\u00edm z nich je v roce 2016 i Ramus.<\/p>\n\n\n\n<p><strong>Farn\u00ed sbor \u010cCE Doma\u017elice<\/strong>&nbsp;tradi\u010dn\u011b podpo\u0159il Ramus z v\u00fdt\u011b\u017eku charitativn\u00edho bazaru v Lu\u017eeni\u010dk\u00e1ch.<\/p>\n\n\n\n<p><a href=\"http:\/\/www.circon.cz\/cz\/default.aspx\">Circon Circle Consulting<\/a>&nbsp;poskytl&nbsp;finan\u010dn\u00ed dar.<\/p>\n\n\n\n<p><a href=\"http:\/\/www.elektrotrans.cz\/cz\/\">Elektrotrans&nbsp;<\/a>finan\u010dn\u00ed dar na opravu dod\u00e1vky.<br><br><strong>Jana Vit\u00e1kov\u00e1<\/strong>&nbsp;poskytla finan\u010dn\u00ed dar.<br><br><a href=\"http:\/\/www.evox.cz\/\">e.vox&nbsp;<\/a>n\u00e1m plat\u00ed dom\u00e9nu a hosting.<br><br><a href=\"http:\/\/atelier-zti.cz\/\">Ateli\u00e9r ZTI&nbsp;<\/a>s n\u00e1mi sd\u00edl\u00ed spole\u010dn\u00e9 prostory.<\/p>\n\n\n\n<p><strong>Pravideln\u00e9 p\u0159\u00edsp\u011bvky n\u00e1m zaslali:<\/strong><br>Jan Bierhanzl, Magdal\u00e9na Trusinov\u00e1, Tereza Ehrenbergerov\u00e1, Martin Pi\u0161\u0165\u00e1k, Mat\u011bj Jungwirth, Marianna Slov\u00e1kov\u00e1, Karina Fra\u0148kov\u00e1, Matou\u0161 Glanc, Monika Houdov\u00e1, \u0160\u00e1rka Pale\u010dkov\u00e1, Barbora Matysov\u00e1, Monika Elfmarkov\u00e1, Barbora Bok\u0161teflov\u00e1, Vojt\u011bch Ontl, Kate\u0159ina \u0160afa\u0159\u00edkov\u00e1, Tade\u00e1\u0161 Pol\u00e1k, Kate\u0159ina Pavlov\u00e1, Jana Rej\u017ekov\u00e1, Jarmil Brambor, Jakub Hal\u00e1\u010dek, Dana Kucha\u0159ov\u00e1, V\u011bra Esterkov\u00e1, Ivana Svobodov\u00e1, Vratislav Pecka, Petr Dole\u017eal, Daniel Sv\u011btl\u00edk<br><br><strong>Finan\u010dn\u00ed p\u0159\u00edsp\u011bvek n\u00e1m zaslali:<\/strong><br>Ad\u00e9la K\u00e1ndlov\u00e1, Lubor Gol\u00e1\u0148, Jan Marek, Jana Cieslarov\u00e1, Eli\u0161ka Svobodov\u00e1, Tade\u00e1\u0161 Trusina, Alena Fellerov\u00e1, Ivan Foletti, Zuzana Bognerov\u00e1, Ludmila Tydlit\u00e1tov\u00e1, Jana Strakov\u00e1, Ond\u0159ej \u0160afr\u00e1nek, Anna Jirsov\u00e1, Tereza Vl\u010dkov\u00e1, Petr Dole\u017eal, Kate\u0159ina Brou\u010dkov\u00e1, Karel Neuschl, Kate\u0159ina Novotn\u00e1, Katerina Vackova, Olga Lukaskova, Mirka Sedl\u00e1\u010dkov\u00e1, Lucie Bl\u00e1hov\u00e1, Alena Kadl\u010dkov\u00e1, Anna Reme\u0161ov\u00e1, Deb Z\u00e1le\u0161, Jan Kovanda, J\u00e1chym \u0160olar, Marianna Plac\u00e1kov\u00e1, David Kopeck\u00fd, Filip Brenner, Dana Konradova, Zuzana Traugottov\u00e1, Tereza Ma\u0161kov\u00e1, Erik \u010cipera, Radek Pinkava, Ji\u0159ina Ohrazdov\u00e1, Kl\u00e1ra Nettlov\u00e1, Ond\u0159ej Kr\u00e1tk\u00fd, Jind\u0159ich Traugott, Karolina Spurn\u00e1, Dagmar Ko\u010dandrlov\u00e1, Kl\u00e1ra Ad\u00e1mkov\u00e1, Michal Prok\u0161\u00edk, David Brenner, Tereza Rundov\u00e1, Kate\u0159ina Pavlov\u00e1, Jan Havl\u00ed\u010dek, Tereza Pisingerov\u00e1, Lea Jirovsk\u00e1, Jan Kubant, Veronika Kasalov\u00e1, EvaPe\u0159inov\u00e1 , zam\u011bstnani UciCredit Bank<\/p>\n\n\n\n<p><strong>Jinak ne\u017e finan\u010dn\u011b n\u00e1m v\u00fdrazn\u011b vypomohli:<\/strong><br>Edita Metli\u010dkov\u00e1, Krist\u00fdna Lojkov\u00e1, Karel Machatka, man\u017eel\u00e9 Anto\u0161ovi<\/p>\n\n\n\n<hr class=\"wp-block-separator has-css-opacity\"\/>\n\n\n\n<h2 class=\"wp-block-heading\">Sponzo\u0159i a d\u00e1rci 2015<\/h2>\n\n\n\n<p><a href=\"http:\/\/www.fel.cvut.cz\/cz\/\">\u010cVUT v Praze, Fakulta elektrotechnick\u00e1<\/a>&nbsp;finan\u010dn\u011b podpo\u0159ila n\u00e1\u0161 benefi\u010dn\u00ed b\u011bh Ramaton 2015.<br><a href=\"http:\/\/www.csas.cz\/\">\u010cesk\u00e1 spo\u0159itelna<\/a>&nbsp;finan\u010dn\u011b podpo\u0159ila n\u00e1\u0161 benefi\u010dn\u00ed b\u011bh Ramaton 2015.<br><a href=\"http:\/\/www.non-stopdogwear.cz\/\">Non-stopdogwear.cz<\/a>&nbsp;materi\u00e1ln\u011b podpo\u0159ili n\u00e1\u0161 benefi\u010dn\u00ed b\u011bh Ramaton 2015.<br><br><a href=\"http:\/\/www.dmapraha.cz\/\">DMA Praha<\/a>&nbsp;finan\u010dn\u011b podpo\u0159ila vznik na\u0161\u00ed knihy&nbsp;<em>Hranice Ramusu<\/em>.<\/p>\n\n\n\n<p><a href=\"http:\/\/www.rodinnafarmajanovaves.wbs.cz\/\">Pan N\u011bni\u010dka<\/a>&nbsp;n\u00e1m op\u011bt prop\u016fj\u010dil louku na t\u00e1bor.<br><a href=\"http:\/\/www.amostypo.cz\/\">AmosTypo<\/a>, studio, kter\u00e9&nbsp;n\u00e1m pomohlo s tiskem.<br><a href=\"http:\/\/www.evox.cz\/\">e.vox<\/a>&nbsp;n\u00e1m plat\u00ed dom\u00e9nu a hosting.<br><a href=\"http:\/\/archatheatre.cz\/\">Divadlo Archa<\/a>&nbsp;n\u00e1m vy\u0161lo vst\u0159\u00edc s koncertem.<br><a href=\"http:\/\/zkusebnypraha.cz\/\">Zku\u0161ebnyPraha<\/a>&nbsp;n\u00e1m pom\u00e1haj\u00ed s propagac\u00ed na\u0161\u00ed dod\u00e1vky.<br><a href=\"http:\/\/sgnlr.com\/\">Vladim\u00edr Turner<\/a>&nbsp;n\u00e1m pomohl s videospoty.<br><a href=\"http:\/\/atelier-zti.cz\/\">Ateli\u00e9r ZTI<\/a>&nbsp;s n\u00e1mi sd\u00edl\u00ed spole\u010dn\u00e9 prostory.<br><\/p>\n\n\n\n<p><strong>Pravideln\u00e9 p\u0159\u00edsp\u011bvky n\u00e1m zaslali:<br><\/strong>Jakub Hal\u00e1\u010dek, Dana Kucha\u0159ov\u00e1<\/p>\n\n\n\n<p><strong>Jinak ne\u017e finan\u010dn\u011b n\u00e1m v\u00fdrazn\u011b vypomohli:<\/strong><br>Edita Metli\u010dkov\u00e1, Hynek Reich \u0160t\u011btka, Jakub Hrab, Krist\u00fdna Lojkov\u00e1, Karel Machatka<\/p>\n\n\n\n<hr class=\"wp-block-separator has-css-opacity\"\/>\n\n\n\n<h2 class=\"wp-block-heading\">Sponzo\u0159i a d\u00e1rci 2014<\/h2>\n\n\n\n<p><a href=\"http:\/\/www.abc.cz\/firma\/146498-elektran\/\">Elektran, s.r.o.<\/a>&nbsp;&#8211; finan\u010dn\u00ed dar.<br><a href=\"http:\/\/www.promedica-praha.cz\/\">Promedica Group<\/a>&#8211; finan\u010dn\u00ed dar.<br><a href=\"http:\/\/www.hajek-reklama.cz\/\">H\u00e1jek Reklama<\/a>&nbsp;n\u00e1m pomohl s opravou dod\u00e1vky.<br><a href=\"http:\/\/www.diakoniezapad.cz\/prave-se-deje\/akce\/predvanocni-charitativni-bazar-v-luzenickach\/\">FS \u010cCE Doma\u017elice<\/a>&nbsp;n\u00e1m v\u011bnoval \u010d\u00e1st v\u00fdt\u011b\u017eku z bazaru.<br><a href=\"http:\/\/www.rodinnafarmajanovaves.wbs.cz\/\">Pan N\u011bni\u010dka<\/a>&nbsp;n\u00e1m op\u011bt prop\u016fj\u010dil louku na t\u00e1bor.<br><a href=\"http:\/\/www.evox.cz\/\">e.vox<\/a>&nbsp;n\u00e1m zaplatil dom\u00e9nu a hosting.<br><a href=\"http:\/\/atelier-zti.cz\/\">Ateli\u00e9r ZTI<\/a>&nbsp;s n\u00e1mi sd\u00edlel spole\u010dn\u00e9 prostory.<\/p>\n\n\n\n<p><strong>Finan\u010dn\u00ed p\u0159\u00edsp\u011bvek n\u00e1m zaslali:&nbsp;<br><\/strong>Bardo\u0148ov\u00e1 Jana, Jakub Hal\u00e1\u010dek, Dana Kucha\u0159ov\u00e1, Pavel Klos, \u0160t\u011bp\u00e1n Vodr\u00e1\u017eka, Pavel Z\u00edtko, Jana Z\u00edtkov\u00e1<br><br><strong>Jinak ne\u017e finan\u010dn\u011b n\u00e1m v\u00fdrazn\u011b vypomohli:<br><\/strong>Edita Metli\u010dkov\u00e1, Ivana Moravcov\u00e1, Hynek Reich \u0160t\u011btka, Jakub Hrab, Krist\u00fdna Lojkov\u00e1, Karel Machatka<\/p>\n\n\n\n<hr class=\"wp-block-separator has-css-opacity\"\/>\n\n\n\n<h2 class=\"wp-block-heading\">Sponzo\u0159i a d\u00e1rci 2013<\/h2>\n\n\n\n<p><a href=\"http:\/\/www.aecom.cz\/cesky\/default_cz.htm\">Aecom<\/a>&nbsp;&#8211; finan\u010dn\u00ed dar.<br><a href=\"http:\/\/www.ksb.com\/ksb-cz\">KSB<\/a>&nbsp;&#8211; finan\u010dn\u00ed dar.<br><a href=\"http:\/\/www.abc.cz\/firma\/146498-elektran\/\">Elektran, s.r.o.<\/a>&nbsp;&#8211; finan\u010dn\u00ed dar.<br><a href=\"https:\/\/www.cmss.cz\/\">\u010cMSS<\/a>&nbsp;&#8211; finan\u010dn\u00ed dar.<br><a href=\"http:\/\/www.gesp.cz\/\">GeSP s.r.o .<\/a>&nbsp;&#8211; finan\u010dn\u00ed dar.<br><a href=\"http:\/\/www.fel.cvut.cz\/cz\/\">\u010cVUT fakulta elektrotechnick\u00e1<\/a>&nbsp;&#8211; finan\u010dn\u00ed dar.<br><a href=\"http:\/\/www.promedica-praha.cz\/\"><\/a><a href=\"http:\/\/www.crazytomato.com\/\">Crazy Tomato<\/a>&nbsp; n\u00e1m darovali projektor a elektrocentr\u00e1lu.<br><a href=\"http:\/\/ww.proutek-vzdelavani.cz\/\">Proutek<\/a>&nbsp;n\u00e1m daroval n\u011bkolik hodin konzultac\u00ed.<br><a href=\"http:\/\/www.hajek-reklama.cz\/\">H\u00e1jek Reklama<\/a>&nbsp;n\u00e1m pomohl s opravou dod\u00e1vky.<br><a href=\"http:\/\/www.diakoniezapad.cz\/prave-se-deje\/akce\/predvanocni-charitativni-bazar-v-luzenickach\/\">FS \u010cCE Doma\u017elice<\/a>&nbsp;n\u00e1m v\u011bnoval \u010d\u00e1st v\u00fdt\u011b\u017eku z bazaru.<br><a href=\"http:\/\/www.rodinnafarmajanovaves.wbs.cz\/\">Pan N\u011bni\u010dka<\/a>&nbsp;n\u00e1m op\u011bt prop\u016fj\u010dil louku na t\u00e1bor.<br><a href=\"http:\/\/www.stickers.cz\/\">Stickers.cz<\/a>&nbsp;n\u00e1m vytiskly sponzorky n\u00e1lepky.<br><a href=\"http:\/\/www.evox.cz\/\">e.vox<\/a>&nbsp;n\u00e1m zaplatil dom\u00e9nu a hosting.<a href=\"http:\/\/atelier-zti.cz\/\"><\/a><\/p>\n\n\n\n<p><strong>Finan\u010dn\u00ed p\u0159\u00edsp\u011bvek n\u00e1m zaslali:&nbsp;<br><\/strong>Bardo\u0148ov\u00e1 Jana,&nbsp;Jakub Hal\u00e1\u010dek,&nbsp;Dana Kucha\u0159ov\u00e1,&nbsp;Olga Vor\u00e1\u010dkov\u00e1,&nbsp;Pavel Kos,&nbsp;Zde\u0148ka Ku\u010derov\u00e1<\/p>\n\n\n\n<p><strong>Jinak ne\u017e finan\u010dn\u011b n\u00e1m v\u00fdrazn\u011b vypomohli:<br><\/strong>Hynek Reich \u0160t\u011btka, Jakub Hrab, Vladim\u00edr \u0160kult\u00e9ty<\/p>\n\n\n\n<hr class=\"wp-block-separator has-css-opacity\"\/>\n\n\n\n<h2 class=\"wp-block-heading\">Sponzo\u0159i a d\u00e1rci 2012<\/h2>\n\n\n\n<p><a href=\"http:\/\/www.hajek-reklama.cz\/\">H\u00e1jek Reklama<\/a>&nbsp;n\u00e1m pomohl s opravou dod\u00e1vky.<br><a href=\"http:\/\/www.diakoniezapad.cz\/prave-se-deje\/akce\/predvanocni-charitativni-bazar-v-luzenickach\/\">FS \u010cCE Doma\u017elice<\/a>&nbsp;n\u00e1m v\u011bnoval \u010d\u00e1st v\u00fdt\u011b\u017eku z bazaru.<br><a href=\"http:\/\/www.rodinnafarmajanovaves.wbs.cz\/\">Pan N\u011bni\u010dka<\/a>&nbsp;n\u00e1m op\u011bt prop\u016fj\u010dil louku na t\u00e1bor.<br><a href=\"http:\/\/www.amostypo.cz\/\">AmosTypo<\/a>, studio, kter\u00e9&nbsp;n\u00e1m pomohlo s tiskem.<br><a href=\"https:\/\/www.oopp.cz\/\">P\u00edcha.cz<\/a>&#8211; n\u00e1m daroval rekvizity na letn\u00ed FBI t\u00e1bor.<br><a href=\"http:\/\/atelier-zti.cz\/\"><\/a><\/p>\n\n\n\n<p><strong>Finan\u010dn\u00ed p\u0159\u00edsp\u011bvek n\u00e1m zaslali:&nbsp;<br><\/strong>Olga Vor\u00e1\u010dkov\u00e1, Jana&nbsp;Bardo\u0148ov\u00e1,&nbsp;Andrea V\u00fd\u0161kov\u00e1<\/p>\n\n\n\n<p><strong>Jinak ne\u017e finan\u010dn\u011b n\u00e1m v\u00fdrazn\u011b vypomohli:<br><\/strong>Xavier Baumaxa, Martin H\u016fla, Mat\u011bj Ko\u010d\u00ed,&nbsp;Hynek Reich \u0160t\u011btka, Jakub Hrab<\/p>\n","protected":false},"excerpt":{"rendered":"<p>D\u011bkujeme sponzor\u016fm a d\u00e1rc\u016fm za finan\u010dn\u00ed \u010di jin\u00fd p\u0159\u00edsp\u011bvek na na\u0161i \u010dinnost.D\u011bkujeme sp\u0159\u00edzn\u011bn\u00fdm organizac\u00edm za vz\u00e1jemnou spolupr\u00e1ci. D\u00e1rci a d\u00e1rkyn\u011b 2025&nbsp; Firemn\u00ed&nbsp; \u203a UniCredit Bank a jej\u00edch 30 zam\u011bstnanc\u016f V\u00fdznamn\u00ed individu\u00e1ln\u00ed \u203a Pavel Janou\u0161ek, Pavel Harnych, Ivo a Mark\u00e9ta Posp\u00edchalovi, Tom\u00e1\u0161 Merav\u00fd, Michal Freund, Karol\u00edna Dobi\u00e1\u0161ov\u00e1, Pavel Cyrner, Vratislav Pecka, Miroslav K\u00e1cha, Martina V\u00e1cov\u00e1, Filip &hellip; <a href=\"https:\/\/www.ramus.je\/nejlepsi\/vdecny\/\" class=\"more-link\">Continue reading<span class=\"screen-reader-text\"> &#8222;Vd\u011b\u010dn\u00fd&#8220;<\/span><\/a><\/p>\n","protected":false},"author":1,"featured_media":0,"parent":0,"menu_order":0,"comment_status":"closed","ping_status":"closed","template":"","meta":{"ngg_post_thumbnail":0,"footnotes":""},"class_list":["post-1950","page","type-page","status-publish","hentry"],"_links":{"self":[{"href":"https:\/\/www.ramus.je\/nejlepsi\/wp-json\/wp\/v2\/pages\/1950","targetHints":{"allow":["GET"]}}],"collection":[{"href":"https:\/\/www.ramus.je\/nejlepsi\/wp-json\/wp\/v2\/pages"}],"about":[{"href":"https:\/\/www.ramus.je\/nejlepsi\/wp-json\/wp\/v2\/types\/page"}],"author":[{"embeddable":true,"href":"https:\/\/www.ramus.je\/nejlepsi\/wp-json\/wp\/v2\/users\/1"}],"replies":[{"embeddable":true,"href":"https:\/\/www.ramus.je\/nejlepsi\/wp-json\/wp\/v2\/comments?post=1950"}],"version-history":[{"count":10,"href":"https:\/\/www.ramus.je\/nejlepsi\/wp-json\/wp\/v2\/pages\/1950\/revisions"}],"predecessor-version":[{"id":27078,"href":"https:\/\/www.ramus.je\/nejlepsi\/wp-json\/wp\/v2\/pages\/1950\/revisions\/27078"}],"wp:attachment":[{"href":"https:\/\/www.ramus.je\/nejlepsi\/wp-json\/wp\/v2\/media?parent=1950"}],"curies":[{"name":"wp","href":"https:\/\/api.w.org\/{rel}","templated":true}]}}