{"id":17490,"date":"2022-06-24T17:22:21","date_gmt":"2022-06-24T16:22:21","guid":{"rendered":"https:\/\/www.ramus.je\/web\/?page_id=17490"},"modified":"2022-06-24T17:22:21","modified_gmt":"2022-06-24T16:22:21","slug":"rambar","status":"publish","type":"page","link":"https:\/\/www.ramus.je\/nejlepsi\/aktivita\/rambar\/","title":{"rendered":"Rambar"},"content":{"rendered":"<div class=\"wp-block-image\">\n<figure class=\"alignright size-full is-resized\"><img loading=\"lazy\" decoding=\"async\" src=\"https:\/\/www.ramus.je\/nejlepsi\/wp-content\/uploads\/2022\/06\/image-17.png\" alt=\"\" class=\"wp-image-17491\" width=\"222\" height=\"166\" srcset=\"https:\/\/www.ramus.je\/nejlepsi\/wp-content\/uploads\/2022\/06\/image-17.png 1024w, https:\/\/www.ramus.je\/nejlepsi\/wp-content\/uploads\/2022\/06\/image-17-300x225.png 300w, https:\/\/www.ramus.je\/nejlepsi\/wp-content\/uploads\/2022\/06\/image-17-768x576.png 768w\" sizes=\"auto, (min-width: 960px) 75vw, 100vw\" \/><\/figure>\n<\/div>\n\n\n<p><strong>Rambar je modr\u00fd mobiln\u00ed st\u00e1nek, ve kter\u00e9m v\u00e1m nab\u00eddneme k\u00e1vu, limon\u00e1dy, \u010di pivo. V Rambaru obsluhuj\u00ed mlad\u00ed lid\u00e9 s posti\u017een\u00edm i bez n\u011bj, kte\u0159\u00ed vyk\u0159esaj\u00ed z\u00e1bavu i z va\u0161\u00ed akce!<\/strong><\/p>\n\n\n\n<p><strong><a href=\"http:\/\/www.ramus.je\/nejlepsi\/index.php\/archiv\/galerie\/category\/180-rambarnamajalesu\">Takhle aktu\u00e1ln\u011b vypad\u00e1 n\u00e1\u0161 plexisklov\u00fd bar.<\/a><\/strong><\/p>\n\n\n\n<p><strong>Chcete Rambar na va\u0161\u00ed akci? Pro v\u00edce informac\u00ed kontaktujte&nbsp;<a href=\"http:\/\/www.ramus.je\/nejlepsi\/index.php\/kontakt\/hynektrojanek\">Hynka<\/a>.<\/strong><\/p>\n\n\n\n<hr class=\"wp-block-separator has-alpha-channel-opacity\"\/>\n\n\n\n<h2 class=\"wp-block-heading\">Kde u\u017e jsme byli?<\/h2>\n\n\n\n<p><strong>Kde u\u017e se Rambar mihnul a uk\u00e1zal?<\/strong><\/p>\n\n\n\n<p>\u25ba Studentsk\u00fd Maj\u00e1les \/&nbsp;<strong>kv\u011bten 2017<\/strong><br>\u25ba Projekce &#8222;Robinsoni z velkom\u011bsta&#8220; \/&nbsp;<strong>z\u00e1\u0159\u00ed&nbsp;2016<\/strong><br>\u25ba Mapa Fest \/&nbsp;<strong>\u010derven<\/strong><strong>&nbsp;2016<\/strong><br>\u25ba Ramaton 2016 \/&nbsp;<strong>\u010derven<\/strong><strong>&nbsp;2016<\/strong><br>\u25ba Studentsk\u00fd Maj\u00e1les \/&nbsp;<strong>kv\u011bten<\/strong><strong>&nbsp;2016<\/strong><br>\u25ba akce t\u0159et\u00ed l\u00e9ka\u0159sk\u00e9 fakulty \/&nbsp;<strong>b\u0159ezen 2016<\/strong><br>\u25ba Svatba M. G. \/&nbsp;<strong>\u010derven 2015<\/strong><br>\u25ba&nbsp;Ramaton 2015 \/&nbsp;<strong>\u010derven 2015<br><\/strong>\u25ba&nbsp;Ps\u00e1ryFest \/&nbsp;<strong>\u010derven 2015<br><\/strong>\u25ba&nbsp;\u010celArt \/&nbsp;<strong>kv\u011bten 2015<br><\/strong>\u25ba&nbsp;charitativn\u00ed bazar v Lu\u017eeni\u010dk\u00e1ch \/&nbsp;<strong>listopad 2014<\/strong><br>\u25ba&nbsp;Kobylisen\u00ed \/&nbsp;<strong>z\u00e1\u0159\u00ed 2014<br><\/strong>\u25ba&nbsp;Ramaton 2014 \/&nbsp;<strong>\u010derven 2014<br><\/strong>\u25ba&nbsp;festival V\u00edtej l\u00e9to \/&nbsp;<strong>\u010derven 2014<br><\/strong>\u25ba&nbsp;charitativn\u00ed bazar v Lu\u017eeni\u010dk\u00e1ch \/<strong>&nbsp;kv\u011bten 2014<br><\/strong>\u25ba&nbsp;charitativn\u00ed bazar v Lu\u017eeni\u010dk\u00e1ch \/<strong>&nbsp;listopad 2013<br><\/strong>\u25ba&nbsp;akce Prom\u00edtej na sv\u016fj bar\u00e1k&nbsp;<strong>\/ \u0159\u00edjen 2013<br><\/strong>\u25ba Kobylisen\u00ed, Za\u017e\u00edt m\u011bsto jinak \/<strong>&nbsp;z\u00e1\u0159\u00ed 2013<br><\/strong>\u25ba&nbsp;benefi\u010dn\u00ed koncert pro APPN \/<strong>&nbsp;kv\u011bten 2013<br><\/strong>\u25ba&nbsp;Ramaton 2013 \/<strong>&nbsp;duben 2013<br><\/strong>\u25ba&nbsp;akce Osvobozen\u00fd biograf \/<strong>&nbsp;\u00fanor 2013<\/strong><\/p>\n","protected":false},"excerpt":{"rendered":"<p>Rambar je modr\u00fd mobiln\u00ed st\u00e1nek, ve kter\u00e9m v\u00e1m nab\u00eddneme k\u00e1vu, limon\u00e1dy, \u010di pivo. V Rambaru obsluhuj\u00ed mlad\u00ed lid\u00e9 s posti\u017een\u00edm i bez n\u011bj, kte\u0159\u00ed vyk\u0159esaj\u00ed z\u00e1bavu i z va\u0161\u00ed akce! Takhle aktu\u00e1ln\u011b vypad\u00e1 n\u00e1\u0161 plexisklov\u00fd bar. Chcete Rambar na va\u0161\u00ed akci? Pro v\u00edce informac\u00ed kontaktujte&nbsp;Hynka. Kde u\u017e jsme byli? Kde u\u017e se Rambar mihnul a &hellip; <a href=\"https:\/\/www.ramus.je\/nejlepsi\/aktivita\/rambar\/\" class=\"more-link\">Continue reading<span class=\"screen-reader-text\"> &#8222;Rambar&#8220;<\/span><\/a><\/p>\n","protected":false},"author":1,"featured_media":0,"parent":1924,"menu_order":0,"comment_status":"closed","ping_status":"closed","template":"","meta":{"ngg_post_thumbnail":0,"footnotes":""},"class_list":["post-17490","page","type-page","status-publish","hentry"],"_links":{"self":[{"href":"https:\/\/www.ramus.je\/nejlepsi\/wp-json\/wp\/v2\/pages\/17490","targetHints":{"allow":["GET"]}}],"collection":[{"href":"https:\/\/www.ramus.je\/nejlepsi\/wp-json\/wp\/v2\/pages"}],"about":[{"href":"https:\/\/www.ramus.je\/nejlepsi\/wp-json\/wp\/v2\/types\/page"}],"author":[{"embeddable":true,"href":"https:\/\/www.ramus.je\/nejlepsi\/wp-json\/wp\/v2\/users\/1"}],"replies":[{"embeddable":true,"href":"https:\/\/www.ramus.je\/nejlepsi\/wp-json\/wp\/v2\/comments?post=17490"}],"version-history":[{"count":1,"href":"https:\/\/www.ramus.je\/nejlepsi\/wp-json\/wp\/v2\/pages\/17490\/revisions"}],"predecessor-version":[{"id":17492,"href":"https:\/\/www.ramus.je\/nejlepsi\/wp-json\/wp\/v2\/pages\/17490\/revisions\/17492"}],"up":[{"embeddable":true,"href":"https:\/\/www.ramus.je\/nejlepsi\/wp-json\/wp\/v2\/pages\/1924"}],"wp:attachment":[{"href":"https:\/\/www.ramus.je\/nejlepsi\/wp-json\/wp\/v2\/media?parent=17490"}],"curies":[{"name":"wp","href":"https:\/\/api.w.org\/{rel}","templated":true}]}}